{"id":1164,"date":"2018-12-03T08:14:29","date_gmt":"2018-12-03T08:14:29","guid":{"rendered":"http:\/\/ernteverein-markelsbach.de\/?page_id=1164"},"modified":"2026-04-11T14:30:28","modified_gmt":"2026-04-11T14:30:28","slug":"presse","status":"publish","type":"page","link":"https:\/\/ernteverein-markelsbach.de\/?page_id=1164","title":{"rendered":"Presse"},"content":{"rendered":"<p>[et_pb_section fb_built=&#8220;1&#8243; fullwidth=&#8220;on&#8220; _builder_version=&#8220;4.14.8&#8243; global_colors_info=&#8220;{}&#8220;][et_pb_fullwidth_image src=&#8220;http:\/\/ernteverein-markelsbach.de\/wp-content\/uploads\/2018\/12\/Presse_EM.jpg&#8220; _builder_version=&#8220;3.17.6&#8243; global_colors_info=&#8220;{}&#8220;][\/et_pb_fullwidth_image][\/et_pb_section][et_pb_section fb_built=&#8220;1&#8243; _builder_version=&#8220;4.14.8&#8243; background_color=&#8220;#D6D6D6&#8243; global_colors_info=&#8220;{}&#8220;][et_pb_row _builder_version=&#8220;3.25&#8243; global_colors_info=&#8220;{}&#8220;][et_pb_column type=&#8220;4_4&#8243; _builder_version=&#8220;3.25&#8243; custom_padding=&#8220;|||&#8220; global_colors_info=&#8220;{}&#8220; custom_padding__hover=&#8220;|||&#8220;][et_pb_image src=&#8220;http:\/\/ernteverein-markelsbach.de\/wp-content\/uploads\/2026\/04\/Broeltalspiele.jpg&#8220; title_text=&#8220;Br\u00f6ltalspiele&#8220; align_tablet=&#8220;center&#8220; align_phone=&#8220;center&#8220; align_last_edited=&#8220;on|desktop&#8220; _builder_version=&#8220;4.14.8&#8243; hover_enabled=&#8220;0&#8243; global_colors_info=&#8220;{}&#8220; sticky_enabled=&#8220;0&#8243;][\/et_pb_image][et_pb_text _builder_version=&#8220;4.14.8&#8243; _module_preset=&#8220;default&#8220; hover_enabled=&#8220;0&#8243; global_colors_info=&#8220;{}&#8220; sticky_enabled=&#8220;0&#8243;]<\/p>\n<h2><strong>Erntefest und Br\u00f6ltalspiele<span class=\"Apple-converted-space\">\u00a0<\/span><\/strong><\/h2>\n<p>Die Abstimmung auf der Mitgliederversammlung in Markelsbach fiel ziemlich eindeutig aus. Das Erntefest wird dieses Jahr an 2 Tagen gefeiert. Am Freitagabend, den 21.08.2026 findet die beliebte Q-Party mit DJ und Cocktail-Bar statt und am Sonntag das bunte Familienfest mit dem Festkommers. Wir freuen uns auf einen sch\u00f6nen Tag mit vielen gro\u00dfen und kleinen Besuchern. Die Planungen sind schon in vollem Gange.<\/p>\n<p>Um auch weiterhin sch\u00f6ne Erntefeste feiern zu k\u00f6nnen, brauchen wir tatkr\u00e4ftige neue Mitglieder. Wir freuen uns \u00fcber jede Bewerbung!<\/p>\n<p>F\u00fcr das Erntepaar 2026 gibt es einige Ideen, aber noch ist nichts entschieden. Bleibt gespannt!<\/p>\n<p>Mit vollem Einsatz hat ein Team des Erntevereins an der Oster-Edition der Br\u00f6ltalspiele des Ernteverein Br\u00f6ltal teilgenommen. In Konkurrenz zu namhaften Mucher Vereinen haben wir einen hervorragenden 6. Platz belegt und uns beim Eier-Wettlaufen, Bierkrug stemmen und dem Fangen von rohen Eiern super geschlagen.<span class=\"Apple-converted-space\">\u00a0 <\/span>Getreu nach dem Motto \u201eDabei sein ist alles\u201c hatten wir viel Spa\u00df.<\/p>\n<p>F\u00fcr den Vorstand<\/p>\n<p>Sabine vom Scheidt<\/p>\n<p>[\/et_pb_text][\/et_pb_column][\/et_pb_row][\/et_pb_section][et_pb_section fb_built=&#8220;1&#8243; _builder_version=&#8220;4.14.8&#8243; background_color=&#8220;#D6D6D6&#8243; global_colors_info=&#8220;{}&#8220;][et_pb_row _builder_version=&#8220;3.25&#8243; global_colors_info=&#8220;{}&#8220;][et_pb_column type=&#8220;4_4&#8243; _builder_version=&#8220;3.25&#8243; custom_padding=&#8220;|||&#8220; global_colors_info=&#8220;{}&#8220; custom_padding__hover=&#8220;|||&#8220;][et_pb_image src=&#8220;http:\/\/ernteverein-markelsbach.de\/wp-content\/uploads\/2026\/02\/26_Vorstand_2807.jpg&#8220; title_text=&#8220;26_Vorstand_2807&#8243; align_tablet=&#8220;center&#8220; align_phone=&#8220;center&#8220; align_last_edited=&#8220;on|desktop&#8220; _builder_version=&#8220;4.14.8&#8243; global_colors_info=&#8220;{}&#8220;][\/et_pb_image][et_pb_text _builder_version=&#8220;4.14.8&#8243; _module_preset=&#8220;default&#8220; global_colors_info=&#8220;{}&#8220;]<\/p>\n<h2><b><i>Eine \u00c4ra geht zu Ende<\/i><\/b><\/h2>\n<p>&nbsp;<\/p>\n<p>Nach knapp 25 Jahren Amtszeit hat sich Karl Heinz Schmidt bei der Generalversammlung am 12. Oktober nicht mehr als 1. Vorsitzender zu Verf\u00fcgung gestellt und ist damit aus dem Vorstand ausgeschieden. Als Dank f\u00fcr die langj\u00e4hrige hervorragende Arbeit und das pers\u00f6nliche Engagement wurde er in der Versammlung als Ehrenvorsitzender benannt \u2013 das erste Mal in der Vereinsgeschichte!<\/p>\n<p>Als neuer 1. Vorsitzender wurde Thorsten Haas gew\u00e4hlt. Seinen Posten als 1. Schriftf\u00fchrer hat Sabine vom Scheidt \u00fcbernommen. Sebastian Ludwig wurde als 1. Kassierer wieder gew\u00e4hlt, ebenso wie Ulrich Ludwig als 1. Beisitzer. Damit ist der Vorstand wieder komplett.<\/p>\n<p>Ein R\u00fcckblick auf das Jubil\u00e4ums-Erntefest zum 125-j\u00e4hrigen Bestehen des Erntevereins Markelsbach hat best\u00e4tigt, dass die Veranstaltung wieder sehr erfolgreich gelaufen ist. Wir hatten mehr Besucher als im Vorjahr, was wir auch dem sehr bekannten und beliebten Erntepaar Erika und Bernd Franze zu verdanken haben. In der n\u00e4chsten Versammlung im Fr\u00fchjahr wird entschieden, ob das Erntefest 2026 wieder an drei oder wie im letzten Jahr nur noch an zwei Tagen stattfinden wird.<\/p>\n<p>Das Jubil\u00e4umsjahr abgerundet hat der diesj\u00e4hrige zweit\u00e4gige Ausflug \u00fcber die Gedenkst\u00e4tte Point Alpha in Geisa und Oberhof nach Erfurt in Th\u00fcringen. Bei bester Stimmung und gutem Wetter haben die Mitglieder Wissenswertes und Kulinarisches genossen.<\/p>\n<p>Alle waren sich einig: Das war spitze! Ein gro\u00dfes Lob an das Organisationsteam.<\/p>\n<p>&nbsp;<\/p>\n<h3><b>BILD:<\/b> Der neue Vorstand<span class=\"Apple-converted-space\">\u00a0<\/span><\/h3>\n<p>&nbsp;<\/p>\n<h5>F\u00fcr den Vorstand &#8211;<span class=\"Apple-converted-space\"> \u00a0<\/span>Sabine vom Scheidt<\/h5>\n<p>[\/et_pb_text][\/et_pb_column][\/et_pb_row][\/et_pb_section][et_pb_section fb_built=&#8220;1&#8243; _builder_version=&#8220;3.22&#8243; background_color=&#8220;#29e026&#8243; global_colors_info=&#8220;{}&#8220;][et_pb_row column_structure=&#8220;2_5,3_5&#8243; _builder_version=&#8220;3.25&#8243; global_colors_info=&#8220;{}&#8220;][et_pb_column type=&#8220;2_5&#8243; _builder_version=&#8220;3.25&#8243; custom_padding=&#8220;|||&#8220; global_colors_info=&#8220;{}&#8220; custom_padding__hover=&#8220;|||&#8220;][et_pb_text _builder_version=&#8220;3.27.4&#8243; global_colors_info=&#8220;{}&#8220;]<\/p>\n<h3>Artikel im Rhein-Sieg-Anzeiger<\/h3>\n<p>[\/et_pb_text][\/et_pb_column][et_pb_column type=&#8220;3_5&#8243; _builder_version=&#8220;3.25&#8243; custom_padding=&#8220;|||&#8220; global_colors_info=&#8220;{}&#8220; custom_padding__hover=&#8220;|||&#8220;][et_pb_image src=&#8220;http:\/\/ernteverein-markelsbach.de\/wp-content\/uploads\/2019\/08\/Erntepaar_Presse.jpg&#8220; align_tablet=&#8220;center&#8220; align_phone=&#8220;center&#8220; align_last_edited=&#8220;on|desktop&#8220; _builder_version=&#8220;3.23&#8243; global_colors_info=&#8220;{}&#8220;][\/et_pb_image][\/et_pb_column][\/et_pb_row][\/et_pb_section][et_pb_section fb_built=&#8220;1&#8243; custom_padding_last_edited=&#8220;on|desktop&#8220; admin_label=&#8220;section&#8220; module_id=&#8220;start&#8220; _builder_version=&#8220;3.22&#8243; custom_padding=&#8220;|||&#8220; custom_padding_tablet=&#8220;50px|0|50px|0&#8243; custom_padding_phone=&#8220;&#8220; transparent_background=&#8220;off&#8220; padding_mobile=&#8220;off&#8220; make_fullwidth=&#8220;off&#8220; use_custom_width=&#8220;off&#8220; width_unit=&#8220;on&#8220; global_colors_info=&#8220;{}&#8220;][et_pb_row column_structure=&#8220;1_4,3_4&#8243; padding_mobile=&#8220;off&#8220; column_padding_mobile=&#8220;on&#8220; admin_label=&#8220;row&#8220; _builder_version=&#8220;3.25&#8243; background_size=&#8220;initial&#8220; background_position=&#8220;top_left&#8220; background_repeat=&#8220;repeat&#8220; custom_padding=&#8220;|&#8220; make_fullwidth=&#8220;off&#8220; use_custom_width=&#8220;off&#8220; width_unit=&#8220;on&#8220; global_colors_info=&#8220;{}&#8220;][et_pb_column type=&#8220;1_4&#8243; _builder_version=&#8220;3.25&#8243; custom_padding=&#8220;|||&#8220; global_colors_info=&#8220;{}&#8220; custom_padding__hover=&#8220;|||&#8220;][et_pb_text _builder_version=&#8220;3.27.4&#8243; text_font_size=&#8220;18&#8243; text_line_height=&#8220;2em&#8220; background_size=&#8220;initial&#8220; background_position=&#8220;top_left&#8220; background_repeat=&#8220;repeat&#8220; use_border_color=&#8220;off&#8220; border_color=&#8220;#ffffff&#8220; border_style=&#8220;solid&#8220; global_colors_info=&#8220;{}&#8220;]<\/p>\n<h1>Momentchen.<\/h1>\n<p>[\/et_pb_text][\/et_pb_column][et_pb_column type=&#8220;3_4&#8243; _builder_version=&#8220;3.25&#8243; custom_padding=&#8220;|||&#8220; global_colors_info=&#8220;{}&#8220; custom_padding__hover=&#8220;|||&#8220;][et_pb_text _builder_version=&#8220;3.27.4&#8243; text_font_size=&#8220;18&#8243; text_line_height=&#8220;2em&#8220; background_size=&#8220;initial&#8220; background_position=&#8220;top_left&#8220; background_repeat=&#8220;repeat&#8220; use_border_color=&#8220;off&#8220; global_colors_info=&#8220;{}&#8220;]<\/p>\n<p>Termin-Verschiebung wegen \u201eEberhard\u201c!<\/p>\n<p>Erst flogen in Hetzenholz Ziegel vom Dach, was schon sehr unsch\u00f6n war. Dann fiel aber auch der Strom aus\u2026. Notgedrungen haben wir dann die Versammlung verschoben auf:<\/p>\n<p>Sonntag, 17. M\u00e4rz ab 19.00 Uhr Dorfsch\u00e4nke Hetzenholz<\/p>\n<p>F\u00fcr den Vorstand <br \/>Hartmut Erwin<\/p>\n<p>[\/et_pb_text][et_pb_divider _builder_version=&#8220;3.18.7&#8243; global_colors_info=&#8220;{}&#8220;][\/et_pb_divider][et_pb_text _builder_version=&#8220;3.27.4&#8243; global_colors_info=&#8220;{}&#8220;]<\/p>\n<p>Mit gewohntem Elan ins neue Jahr: Konkurrenz bei der Wahl zum \u201eErnte-Paar 2019\u201c!<\/p>\n<p>Die Winter-Pause ist auch bei uns vorbei. Nach dem \u201eCome Back\u201c unseres Vereins beim \u201eMucher Weihnachts-Markt 2018\u201c, an dem wir u.a. unsere Unterst\u00fctzer (neudeutsch: Sponsoren) zu Gl\u00fchwein und Pl\u00e4tzchen begr\u00fc\u00dfen konnten, liegt der Fokus wieder auf unserer Herzens-Angelegenheit: Ein sch\u00f6nes Ernte-Fest zu organisieren. Denn das ist ja die Grundlage unseres Vereins seit 1900. KH Schmidt freut sich na<span class=\"text_exposed_show\">t\u00fcrlich, dass sich mehrere Paare f\u00fcr 2019 beworben haben: Die Entscheidung f\u00e4llt auf der Versammlung am Sonntag, 10. M\u00e4rz ab 19.00 Uhr Dorfsch\u00e4nke Hetzenholz.<\/span><\/p>\n<div class=\"text_exposed_show\">\n<p>Aber auch neben diesem Thema gibt es erstaunliche Vorschl\u00e4ge, die zu diskutieren sind. Wir sehen uns!<br \/>Die Vorstands-Sitzung findet wie immer am Dienstag vorher, 5. M\u00e4rz, 19.00 Uhr statt (Schmiddy).<\/p>\n<\/div>\n<p>[\/et_pb_text][\/et_pb_column][\/et_pb_row][et_pb_row padding_mobile=&#8220;on&#8220; column_padding_mobile=&#8220;on&#8220; admin_label=&#8220;row&#8220; _builder_version=&#8220;3.25&#8243; background_size=&#8220;initial&#8220; background_position=&#8220;top_left&#8220; background_repeat=&#8220;repeat&#8220; custom_padding=&#8220;50px|&#8220; make_fullwidth=&#8220;off&#8220; use_custom_width=&#8220;off&#8220; width_unit=&#8220;on&#8220; global_colors_info=&#8220;{}&#8220;][et_pb_column type=&#8220;4_4&#8243; _builder_version=&#8220;3.25&#8243; custom_padding=&#8220;|||&#8220; global_colors_info=&#8220;{}&#8220; custom_padding__hover=&#8220;|||&#8220;][et_pb_divider color=&#8220;#000000&#8243; divider_style=&#8220;dashed&#8220; divider_weight=&#8220;2&#8243; _builder_version=&#8220;3.23.4&#8243; height=&#8220;20px&#8220; hide_on_mobile=&#8220;off&#8220; global_colors_info=&#8220;{}&#8220;][\/et_pb_divider][et_pb_contact_form email=&#8220;#&#8220; _builder_version=&#8220;4.13.1&#8243; _unique_id=&#8220;b7be10b6-2e40-4a9f-8886-a2af59a659c4&#8243; use_border_color=&#8220;off&#8220; border_color=&#8220;#ffffff&#8220; border_style=&#8220;solid&#8220; global_colors_info=&#8220;{}&#8220; button_letter_spacing_hover=&#8220;0&#8243;][et_pb_contact_field field_id=&#8220;Name&#8220; field_title=&#8220;Name&#8220; _builder_version=&#8220;3.16&#8243; global_colors_info=&#8220;{}&#8220; button_text_size__hover_enabled=&#8220;off&#8220; button_one_text_size__hover_enabled=&#8220;off&#8220; button_two_text_size__hover_enabled=&#8220;off&#8220; button_text_color__hover_enabled=&#8220;off&#8220; button_one_text_color__hover_enabled=&#8220;off&#8220; button_two_text_color__hover_enabled=&#8220;off&#8220; button_border_width__hover_enabled=&#8220;off&#8220; button_one_border_width__hover_enabled=&#8220;off&#8220; button_two_border_width__hover_enabled=&#8220;off&#8220; button_border_color__hover_enabled=&#8220;off&#8220; button_one_border_color__hover_enabled=&#8220;off&#8220; button_two_border_color__hover_enabled=&#8220;off&#8220; button_border_radius__hover_enabled=&#8220;off&#8220; button_one_border_radius__hover_enabled=&#8220;off&#8220; button_two_border_radius__hover_enabled=&#8220;off&#8220; button_letter_spacing__hover_enabled=&#8220;off&#8220; button_one_letter_spacing__hover_enabled=&#8220;off&#8220; button_two_letter_spacing__hover_enabled=&#8220;off&#8220; button_bg_color__hover_enabled=&#8220;off&#8220; button_one_bg_color__hover_enabled=&#8220;off&#8220; button_two_bg_color__hover_enabled=&#8220;off&#8220;][\/et_pb_contact_field][et_pb_contact_field field_id=&#8220;Email&#8220; field_title=&#8220;E-Mail-Adresse&#8220; field_type=&#8220;email&#8220; _builder_version=&#8220;3.16&#8243; global_colors_info=&#8220;{}&#8220; button_text_size__hover_enabled=&#8220;off&#8220; button_one_text_size__hover_enabled=&#8220;off&#8220; button_two_text_size__hover_enabled=&#8220;off&#8220; button_text_color__hover_enabled=&#8220;off&#8220; button_one_text_color__hover_enabled=&#8220;off&#8220; button_two_text_color__hover_enabled=&#8220;off&#8220; button_border_width__hover_enabled=&#8220;off&#8220; button_one_border_width__hover_enabled=&#8220;off&#8220; button_two_border_width__hover_enabled=&#8220;off&#8220; button_border_color__hover_enabled=&#8220;off&#8220; button_one_border_color__hover_enabled=&#8220;off&#8220; button_two_border_color__hover_enabled=&#8220;off&#8220; button_border_radius__hover_enabled=&#8220;off&#8220; button_one_border_radius__hover_enabled=&#8220;off&#8220; button_two_border_radius__hover_enabled=&#8220;off&#8220; button_letter_spacing__hover_enabled=&#8220;off&#8220; button_one_letter_spacing__hover_enabled=&#8220;off&#8220; button_two_letter_spacing__hover_enabled=&#8220;off&#8220; button_bg_color__hover_enabled=&#8220;off&#8220; button_one_bg_color__hover_enabled=&#8220;off&#8220; button_two_bg_color__hover_enabled=&#8220;off&#8220;][\/et_pb_contact_field][et_pb_contact_field field_id=&#8220;Message&#8220; field_title=&#8220;Nachricht&#8220; field_type=&#8220;text&#8220; fullwidth_field=&#8220;on&#8220; _builder_version=&#8220;3.16&#8243; global_colors_info=&#8220;{}&#8220; button_text_size__hover_enabled=&#8220;off&#8220; button_one_text_size__hover_enabled=&#8220;off&#8220; button_two_text_size__hover_enabled=&#8220;off&#8220; button_text_color__hover_enabled=&#8220;off&#8220; button_one_text_color__hover_enabled=&#8220;off&#8220; button_two_text_color__hover_enabled=&#8220;off&#8220; button_border_width__hover_enabled=&#8220;off&#8220; button_one_border_width__hover_enabled=&#8220;off&#8220; button_two_border_width__hover_enabled=&#8220;off&#8220; button_border_color__hover_enabled=&#8220;off&#8220; button_one_border_color__hover_enabled=&#8220;off&#8220; button_two_border_color__hover_enabled=&#8220;off&#8220; button_border_radius__hover_enabled=&#8220;off&#8220; button_one_border_radius__hover_enabled=&#8220;off&#8220; button_two_border_radius__hover_enabled=&#8220;off&#8220; button_letter_spacing__hover_enabled=&#8220;off&#8220; button_one_letter_spacing__hover_enabled=&#8220;off&#8220; button_two_letter_spacing__hover_enabled=&#8220;off&#8220; button_bg_color__hover_enabled=&#8220;off&#8220; button_one_bg_color__hover_enabled=&#8220;off&#8220; button_two_bg_color__hover_enabled=&#8220;off&#8220;][\/et_pb_contact_field][\/et_pb_contact_form][\/et_pb_column][\/et_pb_row][\/et_pb_section]<\/p>\n","protected":false},"excerpt":{"rendered":"<p>Erntefest und Br\u00f6ltalspiele\u00a0 Die Abstimmung auf der Mitgliederversammlung in Markelsbach fiel ziemlich eindeutig aus. Das Erntefest wird dieses Jahr an 2 Tagen gefeiert. Am Freitagabend, den 21.08.2026 findet die beliebte Q-Party mit DJ und Cocktail-Bar statt und am Sonntag das bunte Familienfest mit dem Festkommers. Wir freuen uns auf einen sch\u00f6nen Tag mit vielen gro\u00dfen [&hellip;]<\/p>\n","protected":false},"author":1,"featured_media":0,"parent":0,"menu_order":0,"comment_status":"closed","ping_status":"closed","template":"","meta":{"_et_pb_use_builder":"on","_et_pb_old_content":"","_et_gb_content_width":"","footnotes":""},"class_list":["post-1164","page","type-page","status-publish","hentry"],"_links":{"self":[{"href":"https:\/\/ernteverein-markelsbach.de\/index.php?rest_route=\/wp\/v2\/pages\/1164","targetHints":{"allow":["GET"]}}],"collection":[{"href":"https:\/\/ernteverein-markelsbach.de\/index.php?rest_route=\/wp\/v2\/pages"}],"about":[{"href":"https:\/\/ernteverein-markelsbach.de\/index.php?rest_route=\/wp\/v2\/types\/page"}],"author":[{"embeddable":true,"href":"https:\/\/ernteverein-markelsbach.de\/index.php?rest_route=\/wp\/v2\/users\/1"}],"replies":[{"embeddable":true,"href":"https:\/\/ernteverein-markelsbach.de\/index.php?rest_route=%2Fwp%2Fv2%2Fcomments&post=1164"}],"version-history":[{"count":18,"href":"https:\/\/ernteverein-markelsbach.de\/index.php?rest_route=\/wp\/v2\/pages\/1164\/revisions"}],"predecessor-version":[{"id":3778,"href":"https:\/\/ernteverein-markelsbach.de\/index.php?rest_route=\/wp\/v2\/pages\/1164\/revisions\/3778"}],"wp:attachment":[{"href":"https:\/\/ernteverein-markelsbach.de\/index.php?rest_route=%2Fwp%2Fv2%2Fmedia&parent=1164"}],"curies":[{"name":"wp","href":"https:\/\/api.w.org\/{rel}","templated":true}]}}